{"id":105,"date":"2022-11-17T09:01:54","date_gmt":"2022-11-17T09:01:54","guid":{"rendered":"https:\/\/craneopapaluna.com\/?page_id=105"},"modified":"2023-01-12T15:20:02","modified_gmt":"2023-01-12T15:20:02","slug":"105-2","status":"publish","type":"page","link":"https:\/\/craneopapaluna.com\/?page_id=105","title":{"rendered":"Reliquia Sabi\u00f1\u00e1n"},"content":{"rendered":"<p>[et_pb_section fb_built=\u00bb1&#8243; admin_label=\u00bbPage Title Section\u00bb _builder_version=\u00bb4.19.4&#8243; use_background_color_gradient=\u00bbon\u00bb background_color_gradient_direction=\u00bb120deg\u00bb background_color_gradient_stops=\u00bb#022542 0%|rgba(0,0,0,0) 100%\u00bb background_color_gradient_overlays_image=\u00bbon\u00bb background_color_gradient_start=\u00bb#000000&#8243; background_color_gradient_end=\u00bbrgba(0,0,0,0)\u00bb background_image=\u00bbhttps:\/\/craneopapaluna.com\/wp-content\/uploads\/2022\/11\/Sabinan_Papa-Luna_003.jpg\u00bb background_size=\u00bbcontain\u00bb background_position=\u00bbcenter_right\u00bb background_horizontal_offset=\u00bb0%\u00bb background_repeat=\u00bbrepeat-x\u00bb custom_padding=\u00bb110px||110px|\u00bb global_colors_info=\u00bb{}\u00bb][et_pb_row column_structure=\u00bb2_3,1_3&#8243; admin_label=\u00bbPage Title Area\u00bb _builder_version=\u00bb4.16&#8243; background_size=\u00bbinitial\u00bb background_position=\u00bbtop_left\u00bb background_repeat=\u00bbrepeat\u00bb global_colors_info=\u00bb{}\u00bb][et_pb_column type=\u00bb2_3&#8243; _builder_version=\u00bb4.16&#8243; custom_padding=\u00bb|||\u00bb global_colors_info=\u00bb{}\u00bb custom_padding__hover=\u00bb|||\u00bb][et_pb_text admin_label=\u00bbTitle\u00bb _builder_version=\u00bb4.16&#8243; text_font=\u00bb||||||||\u00bb header_font=\u00bbPoppins|600|||||||\u00bb header_font_size=\u00bb60px\u00bb header_line_height=\u00bb1.2em\u00bb header_2_font=\u00bb||||||||\u00bb background_layout=\u00bbdark\u00bb custom_margin=\u00bb||20px|\u00bb custom_padding=\u00bb|||\u00bb animation_style=\u00bbfade\u00bb header_font_size_tablet=\u00bb\u00bb header_font_size_phone=\u00bb40px\u00bb header_font_size_last_edited=\u00bbon|desktop\u00bb header_2_font_size_last_edited=\u00bboff|desktop\u00bb global_colors_info=\u00bb{}\u00bb]<\/p>\n<h1><span>El cr\u00e1neo del Papa Luna<\/span><\/h1>\n<p>[\/et_pb_text][et_pb_text admin_label=\u00bbPage Subtitle\u00bb _builder_version=\u00bb4.16&#8243; text_font=\u00bbPoppins||||||||\u00bb text_font_size=\u00bb18px\u00bb text_line_height=\u00bb1.8em\u00bb header_font=\u00bb||||||||\u00bb background_layout=\u00bbdark\u00bb animation_style=\u00bbfade\u00bb global_colors_info=\u00bb{}\u00bb]<\/p>\n<p>Aunque no hay certezas de la fecha exacta de la llegada de la reliquia del cr\u00e1neo del Papa Luna a Sabi\u00f1\u00e1n, s\u00ed que se tiene constancia de su presencia en el Palacio de Argillo desde hace al menos tres siglos.<\/p>\n<p>[\/et_pb_text][\/et_pb_column][et_pb_column type=\u00bb1_3&#8243; _builder_version=\u00bb4.16&#8243; custom_padding=\u00bb|||\u00bb global_colors_info=\u00bb{}\u00bb custom_padding__hover=\u00bb|||\u00bb][\/et_pb_column][\/et_pb_row][\/et_pb_section][et_pb_section fb_built=\u00bb1&#8243; admin_label=\u00bbClass Details Section\u00bb _builder_version=\u00bb4.16&#8243; background_color=\u00bb#efe9e4&#8243; custom_padding=\u00bb90px||2px|||\u00bb global_colors_info=\u00bb{}\u00bb][et_pb_row admin_label=\u00bbClass Details Area\u00bb _builder_version=\u00bb4.16&#8243; custom_padding=\u00bb27px|0px|60px|0px\u00bb global_colors_info=\u00bb{}\u00bb][et_pb_column type=\u00bb4_4&#8243; _builder_version=\u00bb4.16&#8243; custom_padding=\u00bb|||\u00bb global_colors_info=\u00bb{}\u00bb custom_padding__hover=\u00bb|||\u00bb][et_pb_text admin_label=\u00bbTitle\u00bb _builder_version=\u00bb4.16&#8243; text_font=\u00bb||||||||\u00bb header_font=\u00bb||||||||\u00bb header_2_font=\u00bbPoppins|600|||||||\u00bb header_2_text_align=\u00bbcenter\u00bb header_2_font_size=\u00bb36px\u00bb header_2_line_height=\u00bb1.2em\u00bb custom_margin=\u00bb||0px|\u00bb custom_padding=\u00bb|||\u00bb animation_style=\u00bbfade\u00bb global_colors_info=\u00bb{}\u00bb]<\/p>\n<h2><span>Una reliquia ligada a Sabi\u00f1\u00e1n desde hace siglos<\/span><\/h2>\n<p>[\/et_pb_text][et_pb_divider color=\u00bb#fdb467&#8243; divider_position=\u00bbcenter\u00bb divider_weight=\u00bb3px\u00bb _builder_version=\u00bb4.16&#8243; max_width=\u00bb50px\u00bb module_alignment=\u00bbcenter\u00bb animation_style=\u00bbslide\u00bb animation_direction=\u00bbtop\u00bb animation_intensity_slide=\u00bb10%\u00bb animation_starting_opacity=\u00bb100%\u00bb global_colors_info=\u00bb{}\u00bb][\/et_pb_divider][\/et_pb_column][\/et_pb_row][et_pb_row admin_label=\u00bbCourse Overview Area \u00bb _builder_version=\u00bb4.16&#8243; custom_margin=\u00bb|||\u00bb custom_padding=\u00bb|||\u00bb global_colors_info=\u00bb{}\u00bb][et_pb_column type=\u00bb4_4&#8243; _builder_version=\u00bb4.16&#8243; custom_padding=\u00bb|||\u00bb global_colors_info=\u00bb{}\u00bb custom_padding__hover=\u00bb|||\u00bb][et_pb_text admin_label=\u00bbTitle\u00bb _builder_version=\u00bb4.19.0&#8243; header_font=\u00bb||||||||\u00bb header_3_font=\u00bbPoppins|600|||||||\u00bb header_3_line_height=\u00bb1.2em\u00bb custom_margin=\u00bb||20px|\u00bb animation_style=\u00bbfade\u00bb global_colors_info=\u00bb{}\u00bb]<\/p>\n<h3>Los datos hist\u00f3ricos<\/h3>\n<p>[\/et_pb_text][et_pb_text _builder_version=\u00bb4.16&#8243; text_font=\u00bbPoppins||||||||\u00bb text_font_size=\u00bb18px\u00bb text_line_height=\u00bb1.8em\u00bb header_font=\u00bb||||||||\u00bb header_3_font=\u00bb||||||||\u00bb animation_style=\u00bbfade\u00bb global_colors_info=\u00bb{}\u00bb]<\/p>\n<p>Se desconoce cu\u00e1ndo lleg\u00f3 el cr\u00e1neo del Papa Luna al palacio de los condes de Argillo de Sabi\u00f1\u00e1n. Algunos investigadores se\u00f1alan que durante la Guerra de Sucesi\u00f3n (1701-1713), los soldados franceses que apoyaban al futuro Felipe V, llegaron hasta Illueca, asaltaron el castillo y destrozaron su interior, golpeando la momia de Benedicto XIII para despojarle del pontifical. Manuel Luna, Vicente de la Fuente y Jos\u00e9 Rico de Estasen fechaban este suceso en 1811; Guitart Aparicio en 1813.<\/p>\n<p>En el tomo publicado en 1844 dedicado a Arag\u00f3n, de <i>Recuerdos y Bellezas de Espa\u00f1a<\/i>, debido a Jos\u00e9 Mar\u00eda Quadrado, se hac\u00eda responsables a los soldados de Napole\u00f3n de la profanaci\u00f3n del cuerpo de Benedicto XIII, cuyo cr\u00e1neo se hab\u00eda trasladado a Sabi\u00f1\u00e1n. No se cita en los inventarios del palacio de 1810 y 1831. En el inventario de 1854 el cr\u00e1neo aparece en una urna depositada en el oratorio. En los inventarios de 1890 y 1894, la urna descansaba en una mesa de m\u00e1rmol en el Sal\u00f3n contiguo al oratorio del palacio.<\/p>\n<p><span>El 5 de febrero de 1885, <i>La Uni\u00f3n<\/i> publicaba que el historiador dominico P. Fages iba a visitar en breve Sabi\u00f1\u00e1n, para ver la cabeza del Papa Luna. El <i>Diario de Avisos de Zaragoza<\/i> informaba el 18 de agosto de 1897, que el arquitecto Robert R. Anderson, empleado de la Universidad escocesa de San Andr\u00e9s, hab\u00eda pasado unos d\u00edas en Sabi\u00f1\u00e1n y Pe\u00f1\u00edscola, donde hab\u00eda recogido datos acerca de la personalidad del Papa Luna.<\/span><\/p>\n<p>En el n\u00famero del 16 de junio de 1899 de la revista semanal <i>Alrededor del Mundo<\/i>, apareci\u00f3 un art\u00edculo firmado por Wanderer, titulado \u00abLa cabeza del antipapa Luna\u00bb, en que se publicaba, posiblemente, la primera fotograf\u00eda del cr\u00e1neo de Benedicto XIII.\u00a0<\/p>\n<p>[\/et_pb_text][\/et_pb_column][\/et_pb_row][\/et_pb_section][et_pb_section fb_built=\u00bb1&#8243; admin_label=\u00bbClass Details Section\u00bb _builder_version=\u00bb4.19.4&#8243; background_color=\u00bb#022542&#8243; custom_padding=\u00bb29px||90px|||\u00bb global_colors_info=\u00bb{}\u00bb][et_pb_row admin_label=\u00bbCourse Overview Area \u00bb _builder_version=\u00bb4.16&#8243; custom_margin=\u00bb|||\u00bb custom_padding=\u00bb|||\u00bb global_colors_info=\u00bb{}\u00bb][et_pb_column type=\u00bb4_4&#8243; _builder_version=\u00bb4.16&#8243; custom_padding=\u00bb|||\u00bb global_colors_info=\u00bb{}\u00bb custom_padding__hover=\u00bb|||\u00bb][et_pb_image src=\u00bbhttps:\/\/craneopapaluna.com\/wp-content\/uploads\/2023\/01\/Sabinan_Papa-Luna_inventario_016-recort-topaz-enhance-sharpen-scaled.jpeg\u00bb title_text=\u00bbSabi\u00f1\u00e1n_Papa Luna_inventario_016 recort-topaz-enhance-sharpen\u00bb _builder_version=\u00bb4.19.4&#8243; _module_preset=\u00bbdefault\u00bb border_width_all=\u00bb10px\u00bb border_color_all=\u00bb#FFFFFF\u00bb global_colors_info=\u00bb{}\u00bb][\/et_pb_image][\/et_pb_column][\/et_pb_row][\/et_pb_section][et_pb_section fb_built=\u00bb1&#8243; admin_label=\u00bbClass Details Section\u00bb _builder_version=\u00bb4.19.4&#8243; background_color=\u00bb#efe9e4&#8243; custom_padding=\u00bb29px||90px|||\u00bb global_colors_info=\u00bb{}\u00bb][et_pb_row column_structure=\u00bb3_5,2_5&#8243; admin_label=\u00bbCourse Overview Area \u00bb _builder_version=\u00bb4.16&#8243; custom_margin=\u00bb|||\u00bb custom_padding=\u00bb|||\u00bb global_colors_info=\u00bb{}\u00bb][et_pb_column type=\u00bb3_5&#8243; _builder_version=\u00bb4.16&#8243; custom_padding=\u00bb|||\u00bb global_colors_info=\u00bb{}\u00bb custom_padding__hover=\u00bb|||\u00bb][et_pb_text _builder_version=\u00bb4.16&#8243; text_font=\u00bbPoppins||||||||\u00bb text_font_size=\u00bb18px\u00bb text_line_height=\u00bb1.8em\u00bb header_font=\u00bb||||||||\u00bb header_3_font=\u00bb||||||||\u00bb animation_style=\u00bbfade\u00bb global_colors_info=\u00bb{}\u00bb]<\/p>\n<p>En 1912 y desde las p\u00e1ginas de la Revista de Castell\u00f3n, Luis del Arco agradec\u00eda a Luis Bordiu la consecuci\u00f3n de los fotograbados del cr\u00e1neo del Papa Luna, que ilustraban su art\u00edculo.<\/p>\n<p>Aprovechando en 1921 la inauguraci\u00f3n del monumento a Mariano de Cavia en Zaragoza, promovido por <i>Heraldo de Arag\u00f3n<\/i>, Blasco Ib\u00e1\u00f1ez visit\u00f3 Sabi\u00f1\u00e1n, con objeto de recoger datos para su novela sobre el Papa Luna, publicada en 1925, donde escrib\u00eda: \u00abYo la he tenido en mis manos: sorprende por su peque\u00f1ez cuando se piensa en la enorm\u00edsima voluntad que se cobij\u00f3 dentro de ella\u00bb.<\/p>\n<p>En 1923, en v\u00edsperas de conmemorarse el 5\u00ba centenario del fallecimiento de Benedicto XIII, Florencio Jardiel, de\u00e1n del Cabildo, y Ricardo Royo Villanova, senador y rector de la Universidad de Zaragoza, ped\u00edan por carta a la familia Bordiu-Prat el cr\u00e1neo del Papa Luna, para rendirle un homenaje en La Seo de Zaragoza. La condesa viuda de Argillo contest\u00f3 que la herencia de Luis Bordiu, fallecido en Sabi\u00f1\u00e1n en 1921, estaba a\u00fan sin dividir y ning\u00fan heredero pod\u00eda disponer de ella. El palacio de Sabi\u00f1\u00e1n fue a recaer en manos de la familia Olaz\u00e1bal-Bordiu.<\/p>\n<p>El 11 de enero de 1935, Jos\u00e9 Rico de Estasen public\u00f3 un art\u00edculo en <i>Ahora<\/i>, titulado. \u00abEn el pueblo de Sabi\u00f1\u00e1n (Zaragoza) se conserva la calavera del Papa Luna\u00bb. Durante la Guerra Civil, el cr\u00e1neo del Papa Luna fue escondido en una casa cercana al palacio.<\/p>\n<p>El hispanista Robert Gillon visit\u00f3 y fotografi\u00f3 en 1950 el cr\u00e1neo del Papa Luna, para ilustrar su cap\u00edtulo \u00abSavi\u00f1\u00e1n et le t\u00edo Pedro\u00bb, publicado en el tomo IV de sus <i>Silhouettes espagnoles<\/i>, Bruselas, 1954.<\/p>\n<p><i>El Noticiero<\/i> recog\u00eda el 9 de junio de 1960 el homenaje celebrado en Zaragoza a la memoria del Papa Luna. El d\u00eda anterior las autoridades se hab\u00edan trasladado a Sabi\u00f1\u00e1n, donde hab\u00edan recorrido las estancias del palacio y contemplado el cr\u00e1neo del Papa Luna.<\/p>\n<p><span>El cr\u00e1neo de Benedicto XIII tom\u00f3 parte de la <i>Muestra de documentaci\u00f3n hist\u00f3rica aragonesa<\/i>, en conmemoraci\u00f3n del sexto centenario de su elecci\u00f3n papal, celebrada en el edificio Pignatelli de Zaragoza en 1994.<span class=\"Apple-converted-space\">\u00a0<\/span><\/span><\/p>\n<p>La propiedad de tan insigne reliquia pas\u00f3 al Ayuntamiento de Sabi\u00f1\u00e1n el 30 de abril de 2019, merced a la donaci\u00f3n de Luis Olaz\u00e1bal y Castro, en representaci\u00f3n del resto de los propietarios del cr\u00e1neo del Papa Luna, confirmando los deseos de su padre y t\u00edos, los hermanos Olaz\u00e1bal-Bordiu, y en virtud de una promesa hecha anteriormente al Ayuntamiento de esta villa.<span class=\"Apple-converted-space\">\u00a0<\/span><\/p>\n<p>El municipio hab\u00eda adquirido a los descendientes de los hermanos Olaz\u00e1bal-Bordiu el palacio de los Condes de Argillo en 2013. Este edificio renacentista se desarroll\u00f3 a partir de una torre medieval que los Mu\u00f1oz de Pamplona levantaron tras la conquista cristiana de Calatayud, en 1120.<\/p>\n<p>[\/et_pb_text][\/et_pb_column][et_pb_column type=\u00bb2_5&#8243; _builder_version=\u00bb4.16&#8243; custom_padding=\u00bb|||\u00bb global_colors_info=\u00bb{}\u00bb custom_padding__hover=\u00bb|||\u00bb][et_pb_image src=\u00bbhttps:\/\/craneopapaluna.com\/wp-content\/uploads\/2023\/01\/Sabinan_Papa-Luna_inventario_001.jpeg\u00bb title_text=\u00bbSabi\u00f1\u00e1n_Papa Luna_inventario_001&#8243; _builder_version=\u00bb4.19.4&#8243; _module_preset=\u00bbdefault\u00bb global_colors_info=\u00bb{}\u00bb][\/et_pb_image][et_pb_image src=\u00bbhttps:\/\/craneopapaluna.com\/wp-content\/uploads\/2023\/01\/Alrededor-del-mundo-Madrid.-16-6-1899-3-scaled.jpg\u00bb title_text=\u00bbAlrededor del mundo (Madrid). 16-6-1899-3&#8243; _builder_version=\u00bb4.19.4&#8243; _module_preset=\u00bbdefault\u00bb global_colors_info=\u00bb{}\u00bb][\/et_pb_image][et_pb_button button_url=\u00bbhttps:\/\/hemerotecadigital.bne.es\/hd\/viewer?oid=0001801944&#038;page=3&#8243; button_text=\u00bbDescarga la revista completa\u00bb _builder_version=\u00bb4.19.4&#8243; _module_preset=\u00bbdefault\u00bb custom_button=\u00bbon\u00bb button_text_color=\u00bb#FFFFFF\u00bb button_bg_color=\u00bb#d5b176&#8243; button_border_width=\u00bb0px\u00bb hover_enabled=\u00bb0&#8243; global_colors_info=\u00bb{}\u00bb url_new_window=\u00bbon\u00bb sticky_enabled=\u00bb0&#8243;][\/et_pb_button][\/et_pb_column][\/et_pb_row][\/et_pb_section]<\/p>\n","protected":false},"excerpt":{"rendered":"<p>El cr\u00e1neo del Papa LunaAunque no hay certezas de la fecha exacta de la llegada de la reliquia del cr\u00e1neo del Papa Luna a Sabi\u00f1\u00e1n, s\u00ed que se tiene constancia de su presencia en el Palacio de Argillo desde hace al menos tres siglos.Una reliquia ligada a Sabi\u00f1\u00e1n desde hace siglosLos datos hist\u00f3ricosSe desconoce cu\u00e1ndo [&hellip;]<\/p>\n","protected":false},"author":1,"featured_media":0,"parent":0,"menu_order":0,"comment_status":"closed","ping_status":"closed","template":"","meta":{"_et_pb_use_builder":"on","_et_pb_old_content":"","_et_gb_content_width":"","footnotes":""},"class_list":["post-105","page","type-page","status-publish","hentry"],"_links":{"self":[{"href":"https:\/\/craneopapaluna.com\/index.php?rest_route=\/wp\/v2\/pages\/105","targetHints":{"allow":["GET"]}}],"collection":[{"href":"https:\/\/craneopapaluna.com\/index.php?rest_route=\/wp\/v2\/pages"}],"about":[{"href":"https:\/\/craneopapaluna.com\/index.php?rest_route=\/wp\/v2\/types\/page"}],"author":[{"embeddable":true,"href":"https:\/\/craneopapaluna.com\/index.php?rest_route=\/wp\/v2\/users\/1"}],"replies":[{"embeddable":true,"href":"https:\/\/craneopapaluna.com\/index.php?rest_route=%2Fwp%2Fv2%2Fcomments&post=105"}],"version-history":[{"count":9,"href":"https:\/\/craneopapaluna.com\/index.php?rest_route=\/wp\/v2\/pages\/105\/revisions"}],"predecessor-version":[{"id":185,"href":"https:\/\/craneopapaluna.com\/index.php?rest_route=\/wp\/v2\/pages\/105\/revisions\/185"}],"wp:attachment":[{"href":"https:\/\/craneopapaluna.com\/index.php?rest_route=%2Fwp%2Fv2%2Fmedia&parent=105"}],"curies":[{"name":"wp","href":"https:\/\/api.w.org\/{rel}","templated":true}]}}