{"id":39,"date":"2022-11-15T15:49:17","date_gmt":"2022-11-15T15:49:17","guid":{"rendered":"https:\/\/craneopapaluna.com\/?page_id=39"},"modified":"2023-04-04T15:48:38","modified_gmt":"2023-04-04T15:48:38","slug":"39-2","status":"publish","type":"page","link":"https:\/\/craneopapaluna.com\/?page_id=39","title":{"rendered":"Sabi\u00f1\u00e1n"},"content":{"rendered":"<p>[et_pb_section fb_built=\u00bb1&#8243; admin_label=\u00bbPage Title Section\u00bb _builder_version=\u00bb4.19.4&#8243; use_background_color_gradient=\u00bbon\u00bb background_color_gradient_direction=\u00bb120deg\u00bb background_color_gradient_stops=\u00bb#022542 0%|rgba(0,0,0,0) 100%\u00bb background_color_gradient_overlays_image=\u00bbon\u00bb background_color_gradient_start=\u00bb#000000&#8243; background_color_gradient_end=\u00bbrgba(0,0,0,0)\u00bb background_image=\u00bbhttps:\/\/craneopapaluna.com\/wp-content\/uploads\/2022\/11\/Portada_581T5715-1-e1668529158996.jpg\u00bb custom_padding=\u00bb110px||110px|\u00bb global_colors_info=\u00bb{}\u00bb][et_pb_row column_structure=\u00bb2_3,1_3&#8243; admin_label=\u00bbPage Title Area\u00bb _builder_version=\u00bb4.16&#8243; background_size=\u00bbinitial\u00bb background_position=\u00bbtop_left\u00bb background_repeat=\u00bbrepeat\u00bb global_colors_info=\u00bb{}\u00bb][et_pb_column type=\u00bb2_3&#8243; _builder_version=\u00bb4.16&#8243; custom_padding=\u00bb|||\u00bb global_colors_info=\u00bb{}\u00bb custom_padding__hover=\u00bb|||\u00bb][et_pb_text admin_label=\u00bbTitle\u00bb _builder_version=\u00bb4.16&#8243; text_font=\u00bb||||||||\u00bb header_font=\u00bbPoppins|600|||||||\u00bb header_font_size=\u00bb60px\u00bb header_line_height=\u00bb1.2em\u00bb header_2_font=\u00bb||||||||\u00bb header_2_font_size=\u00bb60px\u00bb background_layout=\u00bbdark\u00bb custom_margin=\u00bb||20px|\u00bb custom_padding=\u00bb|||\u00bb animation_style=\u00bbfade\u00bb header_font_size_tablet=\u00bb\u00bb header_font_size_phone=\u00bb40px\u00bb header_font_size_last_edited=\u00bbon|phone\u00bb global_colors_info=\u00bb{}\u00bb]<\/p>\n<h1>Sabi\u00f1\u00e1n<\/h1>\n<p>[\/et_pb_text][et_pb_text admin_label=\u00bbPage Subtitle\u00bb _builder_version=\u00bb4.16&#8243; text_font=\u00bbPoppins||||||||\u00bb text_font_size=\u00bb18px\u00bb text_line_height=\u00bb1.8em\u00bb header_font=\u00bb||||||||\u00bb background_layout=\u00bbdark\u00bb animation_style=\u00bbfade\u00bb global_colors_info=\u00bb{}\u00bb]<\/p>\n<p><span>Sabi\u00f1\u00e1n es\u00a0una localidad hermosa y pr\u00f3spera arropada por sierras que la rodean y famoso centro productivo de fruta, viveros y olivas negrales que tanta fama le han dado. Se trata de una villa hist\u00f3rica que a\u00fan puede presumir de un importante patrimonio monumental.<\/span><\/p>\n<p>[\/et_pb_text][\/et_pb_column][et_pb_column type=\u00bb1_3&#8243; _builder_version=\u00bb4.16&#8243; custom_padding=\u00bb|||\u00bb global_colors_info=\u00bb{}\u00bb custom_padding__hover=\u00bb|||\u00bb][\/et_pb_column][\/et_pb_row][\/et_pb_section][et_pb_section fb_built=\u00bb1&#8243; admin_label=\u00bbClass Details Section\u00bb _builder_version=\u00bb4.16&#8243; background_color=\u00bb#efe9e4&#8243; custom_padding=\u00bb90px||60px|\u00bb global_colors_info=\u00bb{}\u00bb][et_pb_row admin_label=\u00bbClass Details Area\u00bb _builder_version=\u00bb4.16&#8243; custom_padding=\u00bb27px|0px|60px|0px\u00bb global_colors_info=\u00bb{}\u00bb][et_pb_column type=\u00bb4_4&#8243; _builder_version=\u00bb4.16&#8243; custom_padding=\u00bb|||\u00bb global_colors_info=\u00bb{}\u00bb custom_padding__hover=\u00bb|||\u00bb][et_pb_text admin_label=\u00bbTitle\u00bb _builder_version=\u00bb4.16&#8243; text_font=\u00bb||||||||\u00bb header_font=\u00bb||||||||\u00bb header_2_font=\u00bbPoppins|600|||||||\u00bb header_2_text_align=\u00bbcenter\u00bb header_2_font_size=\u00bb36px\u00bb header_2_line_height=\u00bb1.2em\u00bb custom_margin=\u00bb||0px|\u00bb custom_padding=\u00bb|||\u00bb animation_style=\u00bbfade\u00bb global_colors_info=\u00bb{}\u00bb]<\/p>\n<h2>Descubrir los atractivos de la villa<\/h2>\n<p>[\/et_pb_text][et_pb_divider color=\u00bb#fdb467&#8243; divider_position=\u00bbcenter\u00bb divider_weight=\u00bb3px\u00bb _builder_version=\u00bb4.16&#8243; max_width=\u00bb50px\u00bb module_alignment=\u00bbcenter\u00bb animation_style=\u00bbslide\u00bb animation_direction=\u00bbtop\u00bb animation_intensity_slide=\u00bb10%\u00bb animation_starting_opacity=\u00bb100%\u00bb global_colors_info=\u00bb{}\u00bb][\/et_pb_divider][\/et_pb_column][\/et_pb_row][et_pb_row admin_label=\u00bbDescription Text Area\u00bb _builder_version=\u00bb4.16&#8243; global_colors_info=\u00bb{}\u00bb][et_pb_column type=\u00bb4_4&#8243; _builder_version=\u00bb4.16&#8243; custom_padding=\u00bb|||\u00bb global_colors_info=\u00bb{}\u00bb custom_padding__hover=\u00bb|||\u00bb][et_pb_text _builder_version=\u00bb4.16&#8243; text_font=\u00bbPoppins||||||||\u00bb text_font_size=\u00bb18px\u00bb text_line_height=\u00bb1.8em\u00bb animation_style=\u00bbfade\u00bb global_colors_info=\u00bb{}\u00bb]<\/p>\n<p>La localidad se asienta en la ribera del r\u00edo Jal\u00f3n, a 73 kil\u00f3metros de la capital provincial y a 451 metros de altitud. El pueblo se queda a la izquierda de la carretera, junto a la margen derecha del r\u00edo Jal\u00f3n entre monta\u00f1as de gran altura que le proporcionan unas condiciones climatol\u00f3gicas muy apropiadas para producci\u00f3n frutera de la que lleva fama en toda la comarca.<\/p>\n<p>Un puente met\u00e1lico salva el r\u00edo y une el casco urbano con la zona de almacenes y c\u00e1maras frigor\u00edficas de fruta.\u00a0Domina una hoya muy amplia que, desde el r\u00edo, trepa suavemente por las vertientes de los dos lados hasta enlazar, por la derecha, con la autov\u00eda de Arag\u00f3n.\u00a0Si se accede a la villa por esta parte, se atraviesa uno de los paisajes m\u00e1s atractivos de la Comunidad de Calatayud. Laderas cubiertas de vi\u00f1as, de almendros, de cerezos y de otros \u00e1rboles frutales, que ofrecen una geometr\u00eda viva y mudable con las distintas estaciones.<\/p>\n<p>[\/et_pb_text][\/et_pb_column][\/et_pb_row][et_pb_row column_structure=\u00bb1_3,1_3,1_3&#8243; admin_label=\u00bbDescription Text Area\u00bb _builder_version=\u00bb4.16&#8243; global_colors_info=\u00bb{}\u00bb][et_pb_column type=\u00bb1_3&#8243; _builder_version=\u00bb4.16&#8243; custom_padding=\u00bb|||\u00bb global_colors_info=\u00bb{}\u00bb custom_padding__hover=\u00bb|||\u00bb][et_pb_text _builder_version=\u00bb4.19.0&#8243; header_font=\u00bb||||||||\u00bb header_3_font=\u00bbPoppins|600|||||||\u00bb animation_style=\u00bbfold\u00bb animation_direction=\u00bbbottom\u00bb animation_intensity_fold=\u00bb10%\u00bb animation_starting_opacity=\u00bb100%\u00bb global_colors_info=\u00bb{}\u00bb]<\/p>\n<h3>No hay que perderse:<\/h3>\n<p>[\/et_pb_text][\/et_pb_column][et_pb_column type=\u00bb1_3&#8243; _builder_version=\u00bb4.16&#8243; custom_padding=\u00bb|||\u00bb global_colors_info=\u00bb{}\u00bb custom_padding__hover=\u00bb|||\u00bb][et_pb_text _builder_version=\u00bb4.19.0&#8243; text_font=\u00bb||||||||\u00bb ul_font=\u00bbPoppins||||||||\u00bb ul_font_size=\u00bb18px\u00bb ul_line_height=\u00bb2.2em\u00bb animation_style=\u00bbfold\u00bb animation_direction=\u00bbleft\u00bb animation_intensity_fold=\u00bb10%\u00bb animation_starting_opacity=\u00bb100%\u00bb global_colors_info=\u00bb{}\u00bb]<\/p>\n<ul>\n<li>Iglesia de San Pedro Ap\u00f3stol<\/li>\n<li>Palacio de los Condes de Argillo<\/li>\n<li>Iglesia de la Se\u00f1or\u00eda<\/li>\n<li>Trazado urbano<\/li>\n<\/ul>\n<p>[\/et_pb_text][\/et_pb_column][et_pb_column type=\u00bb1_3&#8243; _builder_version=\u00bb4.16&#8243; custom_padding=\u00bb|||\u00bb global_colors_info=\u00bb{}\u00bb custom_padding__hover=\u00bb|||\u00bb][et_pb_text _builder_version=\u00bb4.19.0&#8243; text_font=\u00bb||||||||\u00bb ul_font=\u00bbPoppins||||||||\u00bb ul_font_size=\u00bb18px\u00bb ul_line_height=\u00bb2.2em\u00bb animation_style=\u00bbfold\u00bb animation_direction=\u00bbleft\u00bb animation_intensity_fold=\u00bb10%\u00bb animation_starting_opacity=\u00bb100%\u00bb global_colors_info=\u00bb{}\u00bb]<\/p>\n<ul>\n<li>Ermitas de San Roque y San Blas<\/li>\n<li>Enebro, \u00e1rbol monumental de Arag\u00f3n<\/li>\n<li>Paisajes naturales y r\u00edo Jal\u00f3n<\/li>\n<\/ul>\n<p>[\/et_pb_text][\/et_pb_column][\/et_pb_row][\/et_pb_section][et_pb_section fb_built=\u00bb1&#8243; admin_label=\u00bbDivider Section\u00bb _builder_version=\u00bb4.16&#8243; background_color=\u00bb#efe9e4&#8243; custom_padding=\u00bb0px||0px|\u00bb global_colors_info=\u00bb{}\u00bb][et_pb_row admin_label=\u00bbDivider Area\u00bb _builder_version=\u00bb4.16&#8243; custom_padding=\u00bb0px||0px|\u00bb global_colors_info=\u00bb{}\u00bb][et_pb_column type=\u00bb4_4&#8243; _builder_version=\u00bb4.16&#8243; custom_padding=\u00bb|||\u00bb global_colors_info=\u00bb{}\u00bb custom_padding__hover=\u00bb|||\u00bb][et_pb_divider color=\u00bbrgba(0,0,0,0.12)\u00bb divider_position=\u00bbcenter\u00bb _builder_version=\u00bb4.16&#8243; custom_margin=\u00bb|||\u00bb custom_padding=\u00bb|||\u00bb global_colors_info=\u00bb{}\u00bb][\/et_pb_divider][\/et_pb_column][\/et_pb_row][\/et_pb_section][et_pb_section fb_built=\u00bb1&#8243; admin_label=\u00bbClasses Section\u00bb _builder_version=\u00bb4.16&#8243; background_color=\u00bb#efe9e4&#8243; custom_padding=\u00bb80px||190px|\u00bb global_colors_info=\u00bb{}\u00bb][et_pb_row admin_label=\u00bbClass Area\u00bb _builder_version=\u00bb4.16&#8243; custom_padding=\u00bb60px|0px|60px|0px\u00bb locked=\u00bboff\u00bb global_colors_info=\u00bb{}\u00bb][et_pb_column type=\u00bb4_4&#8243; _builder_version=\u00bb4.16&#8243; custom_padding=\u00bb|||\u00bb global_colors_info=\u00bb{}\u00bb custom_padding__hover=\u00bb|||\u00bb][et_pb_text admin_label=\u00bbTitle\u00bb _builder_version=\u00bb4.16&#8243; text_font=\u00bb||||||||\u00bb header_font=\u00bb||||||||\u00bb header_2_font=\u00bbPoppins|600|||||||\u00bb header_2_text_align=\u00bbcenter\u00bb header_2_font_size=\u00bb36px\u00bb custom_margin=\u00bb||0px|\u00bb animation_style=\u00bbfade\u00bb global_colors_info=\u00bb{}\u00bb]<\/p>\n<h2>Patrimonio monumental<\/h2>\n<p>[\/et_pb_text][et_pb_divider color=\u00bb#fdb467&#8243; divider_position=\u00bbcenter\u00bb divider_weight=\u00bb3px\u00bb _builder_version=\u00bb4.16&#8243; max_width=\u00bb50px\u00bb module_alignment=\u00bbcenter\u00bb animation_style=\u00bbslide\u00bb animation_direction=\u00bbtop\u00bb animation_intensity_slide=\u00bb10%\u00bb animation_starting_opacity=\u00bb100%\u00bb global_colors_info=\u00bb{}\u00bb][\/et_pb_divider][\/et_pb_column][\/et_pb_row][et_pb_row column_structure=\u00bb1_3,1_3,1_3&#8243; make_equal=\u00bbon\u00bb admin_label=\u00bbClasses Area\u00bb _builder_version=\u00bb4.19.4&#8243; max_width=\u00bb1440px\u00bb use_custom_width=\u00bbon\u00bb custom_width_px=\u00bb1440px\u00bb global_colors_info=\u00bb{}\u00bb][et_pb_column type=\u00bb1_3&#8243; _builder_version=\u00bb4.19.4&#8243; background_color=\u00bb#022542&#8243; custom_padding=\u00bb|||\u00bb global_colors_info=\u00bb{}\u00bb custom_padding__hover=\u00bb|||\u00bb][et_pb_image src=\u00bbhttps:\/\/craneopapaluna.com\/wp-content\/uploads\/2023\/01\/Sabinan_MG_8239-Editar.jpg\u00bb title_text=\u00bbSabi\u00f1\u00e1n_MG_8239-Editar\u00bb force_fullwidth=\u00bbon\u00bb align_tablet=\u00bbcenter\u00bb align_phone=\u00bbcenter\u00bb align_last_edited=\u00bbon|desktop\u00bb _builder_version=\u00bb4.19.4&#8243; custom_margin=\u00bb||0px|\u00bb global_colors_info=\u00bb{}\u00bb][\/et_pb_image][et_pb_text admin_label=\u00bbTitle\u00bb _builder_version=\u00bb4.19.4&#8243; text_font=\u00bbPoppins||||||||\u00bb text_text_color=\u00bbrgba(255,255,255,0.7)\u00bb text_font_size=\u00bb18px\u00bb text_line_height=\u00bb1.8em\u00bb link_font=\u00bb|600||on|||||\u00bb link_text_color=\u00bb#fdb467&#8243; link_font_size=\u00bb16px\u00bb link_letter_spacing=\u00bb3px\u00bb link_line_height=\u00bb1.8em\u00bb header_font=\u00bb||||||||\u00bb header_3_font=\u00bbPoppins|600|||||||\u00bb header_3_text_align=\u00bbcenter\u00bb header_3_font_size=\u00bb24px\u00bb header_3_line_height=\u00bb1.8em\u00bb background_color=\u00bb#022542&#8243; text_orientation=\u00bbcenter\u00bb background_layout=\u00bbdark\u00bb custom_margin=\u00bb|||\u00bb custom_padding=\u00bb40px|40px|40px|40px\u00bb animation_style=\u00bbfade\u00bb global_colors_info=\u00bb{}\u00bb]<\/p>\n<h3>Iglesia de San Pedro<\/h3>\n<p>La iglesia parroquial esta dedicada a San Pedro y muestra una fachada embutida en medio de las casas de la calle Mayor. El templo primitivo ser\u00eda de estilo mud\u00e9jar, pero en el siglo XVII se reform\u00f3 completamente al estilo barroco. S\u00f3lo conserva del estilo original la torre campanario.\u00a0Es un templo de tres naves con planta de cruz latina.<\/p>\n<p>En el interior, la mayor\u00eda de los retablos son del siglo XVII. El de la Virgen del Pilar pertenec\u00eda al Cap\u00edtulo, que muestra su escudo, que fue adoptado como escudo municipal.<\/p>\n<p><a href=\"https:\/\/sabi\u00f1an.es\/patrimonio\/iglesia-de-san-pedro-apostol\/\"><span style=\"color: rgba(224, 153, 0, 0.7);\">SABER M\u00c1S<\/span><\/a><\/p>\n<p>&nbsp;<\/p>\n<p>[\/et_pb_text][\/et_pb_column][et_pb_column type=\u00bb1_3&#8243; _builder_version=\u00bb4.19.4&#8243; background_color=\u00bb#022542&#8243; custom_padding=\u00bb|||\u00bb global_colors_info=\u00bb{}\u00bb custom_padding__hover=\u00bb|||\u00bb][et_pb_image src=\u00bbhttps:\/\/craneopapaluna.com\/wp-content\/uploads\/2023\/01\/MG_6978-Editar.jpg\u00bb title_text=\u00bb_MG_6978-Editar\u00bb force_fullwidth=\u00bbon\u00bb align_tablet=\u00bbcenter\u00bb align_phone=\u00bbcenter\u00bb align_last_edited=\u00bbon|desktop\u00bb _builder_version=\u00bb4.19.4&#8243; custom_margin=\u00bb||0px|\u00bb locked=\u00bboff\u00bb global_colors_info=\u00bb{}\u00bb][\/et_pb_image][et_pb_text admin_label=\u00bbTitle\u00bb _builder_version=\u00bb4.19.4&#8243; text_font=\u00bbPoppins||||||||\u00bb text_text_color=\u00bbrgba(255,255,255,0.7)\u00bb text_font_size=\u00bb18px\u00bb text_line_height=\u00bb1.8em\u00bb link_font=\u00bb|600||on|||||\u00bb link_text_color=\u00bb#fdb467&#8243; link_font_size=\u00bb16px\u00bb link_letter_spacing=\u00bb3px\u00bb link_line_height=\u00bb1.8em\u00bb header_font=\u00bb||||||||\u00bb header_3_font=\u00bbPoppins|600|||||||\u00bb header_3_text_align=\u00bbcenter\u00bb header_3_font_size=\u00bb24px\u00bb header_3_line_height=\u00bb1.8em\u00bb background_color=\u00bb#022542&#8243; text_orientation=\u00bbcenter\u00bb background_layout=\u00bbdark\u00bb custom_margin=\u00bb|||\u00bb custom_padding=\u00bb40px|40px|40px|40px\u00bb animation_style=\u00bbfade\u00bb locked=\u00bboff\u00bb global_colors_info=\u00bb{}\u00bb]<\/p>\n<h3>Palacio de Argillo<\/h3>\n<p>El palacio de los condes de Argillo hunde sus ra\u00edces hasta el siglo XII, cuando comenz\u00f3 su construcci\u00f3n de la mano de los Mu\u00f1oz de Pamplona. El edificio actual data del siglo XVI, rodeando la edificaci\u00f3n un gran torre\u00f3n rectangular de \u00e9poca anterior que se aprovech\u00f3 para ubicar en su planta baja el \u00absal\u00f3n de reyes\u00bb.<\/p>\n<p><span class=\"Apple-converted-space\">En estado de ruina, en estos momentos es propiedad del Ayuntamiento de Sabi\u00f1\u00e1n. El municipio est\u00e1 realizando desde entonces obras de consolidaci\u00f3n y recuperaci\u00f3n del monumento.<\/span><span class=\"Apple-converted-space\"><\/span><\/p>\n<p><span class=\"Apple-converted-space\"><a href=\"https:\/\/sabi\u00f1an.es\/patrimonio\/palacio-de-los-condes-de-argillo\/\"><span style=\"color: rgba(224, 153, 0, 0.7);\">SABER M\u00c1S<\/span><\/a><\/span><\/p>\n<p>[\/et_pb_text][\/et_pb_column][et_pb_column type=\u00bb1_3&#8243; _builder_version=\u00bb4.19.4&#8243; background_color=\u00bb#022542&#8243; custom_padding=\u00bb|||\u00bb global_colors_info=\u00bb{}\u00bb custom_padding__hover=\u00bb|||\u00bb][et_pb_image src=\u00bbhttps:\/\/craneopapaluna.com\/wp-content\/uploads\/2023\/01\/MG_0766-Editar-topaz-denoise-faceai-sharpen.jpg\u00bb title_text=\u00bb_MG_0766-Editar-topaz-denoise-faceai-sharpen\u00bb force_fullwidth=\u00bbon\u00bb align_tablet=\u00bbcenter\u00bb align_phone=\u00bbcenter\u00bb align_last_edited=\u00bbon|desktop\u00bb _builder_version=\u00bb4.19.4&#8243; custom_margin=\u00bb||0px|\u00bb locked=\u00bboff\u00bb global_colors_info=\u00bb{}\u00bb][\/et_pb_image][et_pb_text admin_label=\u00bbTitle\u00bb _builder_version=\u00bb4.19.4&#8243; text_font=\u00bbPoppins||||||||\u00bb text_text_color=\u00bbrgba(255,255,255,0.7)\u00bb text_font_size=\u00bb18px\u00bb text_line_height=\u00bb1.8em\u00bb link_font=\u00bb|600||on|||||\u00bb link_text_color=\u00bb#fdb467&#8243; link_font_size=\u00bb16px\u00bb link_letter_spacing=\u00bb3px\u00bb link_line_height=\u00bb1.8em\u00bb header_font=\u00bb||||||||\u00bb header_3_font=\u00bbPoppins|600|||||||\u00bb header_3_text_align=\u00bbcenter\u00bb header_3_font_size=\u00bb24px\u00bb header_3_line_height=\u00bb1.8em\u00bb background_color=\u00bb#022542&#8243; text_orientation=\u00bbcenter\u00bb background_layout=\u00bbdark\u00bb custom_margin=\u00bb|||\u00bb custom_padding=\u00bb40px|40px|40px|40px\u00bb animation_style=\u00bbfade\u00bb locked=\u00bboff\u00bb global_colors_info=\u00bb{}\u00bb]<\/p>\n<h3>Capilla de Santa Ana<\/h3>\n<p><span>La capilla de Santa Ana es hoy un peque\u00f1o museo parroquial en el que se muestran piezas relevantes del patrimonio eclesi\u00e1stico local, como la reliquia de la Vera Cruz, que protege una astilla del Lignum Crucis (Cruz de Cristo) o dos retablos del s. XVI. La capilla acoge \u00a0el bien m\u00e1s preciado en la villa: el cr\u00e1neo momificado de Benedicto XIII, el Papa Luna, que anteriormente se conservaba en el palacio de Argillo y que paso a ser propiedad municipal mediante cesi\u00f3n.\u00a0<\/span><\/p>\n<p><span class=\"Apple-converted-space\"><a href=\"https:\/\/sabi\u00f1an.es\/patrimonio\/craneo-papa-luna\/\"><span style=\"color: rgba(224, 153, 0, 0.7);\">SABER M\u00c1S<\/span><\/a><\/span><span><\/span><\/p>\n<p><span><\/span><\/p>\n<p>[\/et_pb_text][\/et_pb_column][\/et_pb_row][et_pb_row column_structure=\u00bb1_3,1_3,1_3&#8243; make_equal=\u00bbon\u00bb admin_label=\u00bbClasses Area\u00bb _builder_version=\u00bb4.19.4&#8243; max_width=\u00bb1440px\u00bb use_custom_width=\u00bbon\u00bb custom_width_px=\u00bb1440px\u00bb global_colors_info=\u00bb{}\u00bb][et_pb_column type=\u00bb1_3&#8243; _builder_version=\u00bb4.19.4&#8243; background_color=\u00bb#022542&#8243; custom_padding=\u00bb|||\u00bb global_colors_info=\u00bb{}\u00bb custom_padding__hover=\u00bb|||\u00bb][et_pb_image src=\u00bbhttps:\/\/craneopapaluna.com\/wp-content\/uploads\/2023\/01\/Sabinan_Torreon.jpg\u00bb title_text=\u00bbSabi\u00f1\u00e1n_Torre\u00f3n\u00bb force_fullwidth=\u00bbon\u00bb align_tablet=\u00bbcenter\u00bb align_phone=\u00bbcenter\u00bb align_last_edited=\u00bbon|desktop\u00bb _builder_version=\u00bb4.19.4&#8243; custom_margin=\u00bb||0px|\u00bb global_colors_info=\u00bb{}\u00bb][\/et_pb_image][et_pb_text admin_label=\u00bbTitle\u00bb _builder_version=\u00bb4.19.4&#8243; text_font=\u00bbPoppins||||||||\u00bb text_text_color=\u00bbrgba(255,255,255,0.7)\u00bb text_font_size=\u00bb18px\u00bb text_line_height=\u00bb1.8em\u00bb link_font=\u00bb|600||on|||||\u00bb link_text_color=\u00bb#fdb467&#8243; link_font_size=\u00bb16px\u00bb link_letter_spacing=\u00bb3px\u00bb link_line_height=\u00bb1.8em\u00bb header_font=\u00bb||||||||\u00bb header_3_font=\u00bbPoppins|600|||||||\u00bb header_3_text_align=\u00bbcenter\u00bb header_3_font_size=\u00bb24px\u00bb header_3_line_height=\u00bb1.8em\u00bb background_color=\u00bb#022542&#8243; text_orientation=\u00bbcenter\u00bb background_layout=\u00bbdark\u00bb custom_margin=\u00bb|||\u00bb custom_padding=\u00bb40px|40px|40px|40px\u00bb animation_style=\u00bbfade\u00bb global_colors_info=\u00bb{}\u00bb]<\/p>\n<h3>Torre de las Encantadas<\/h3>\n<p>La Torre de las Encantadas se encuentra situada a tres kil\u00f3metros de la localidad, sobre un peque\u00f1o cerro elevado junto a la ermita de San Blas, en la carretera que conduce a El Frasno. Se ha fechado en los siglos XIV o XV, aunque hay autores que la retrotraen a \u00e9poca isl\u00e1mica, cuando funcionar\u00eda como torre de vigilancia.<\/p>\n<p>Es famosa la leyenda de las Encantadas, seg\u00fan la cual tres doncellas moras fueron encarceladas all\u00ed por enamorarse de tres cristianos, donde murieron de pena y se convirtieron en tres palomas que en la noche de San Juan sobrevuelan la fortaleza.<\/p>\n<p>&nbsp;<\/p>\n<p><a href=\"https:\/\/sabi\u00f1an.es\/patrimonio\/torre-de-las-encantadas\/\"><span style=\"color: rgba(224, 153, 0, 0.7);\">SABER M\u00c1S<\/span><\/a><\/p>\n<p>[\/et_pb_text][\/et_pb_column][et_pb_column type=\u00bb1_3&#8243; _builder_version=\u00bb4.19.4&#8243; background_color=\u00bb#022542&#8243; custom_padding=\u00bb|||\u00bb global_colors_info=\u00bb{}\u00bb custom_padding__hover=\u00bb|||\u00bb][et_pb_image src=\u00bbhttps:\/\/craneopapaluna.com\/wp-content\/uploads\/2023\/01\/Sabinan_MG_6962\u00a9-Santiago-Cabello-archivo-Tintaura-S.L.Baja_.jpg\u00bb title_text=\u00bbSabi\u00f1\u00e1n_MG_6962\u00a9 Santiago Cabello (archivo Tintaura S.L.)Baja\u00bb force_fullwidth=\u00bbon\u00bb align_tablet=\u00bbcenter\u00bb align_phone=\u00bbcenter\u00bb align_last_edited=\u00bbon|desktop\u00bb _builder_version=\u00bb4.19.4&#8243; custom_margin=\u00bb||0px|\u00bb locked=\u00bboff\u00bb global_colors_info=\u00bb{}\u00bb][\/et_pb_image][et_pb_text admin_label=\u00bbTitle\u00bb _builder_version=\u00bb4.19.4&#8243; text_font=\u00bbPoppins||||||||\u00bb text_text_color=\u00bbrgba(255,255,255,0.7)\u00bb text_font_size=\u00bb18px\u00bb text_line_height=\u00bb1.8em\u00bb link_font=\u00bb|600||on|||||\u00bb link_text_color=\u00bb#fdb467&#8243; link_font_size=\u00bb16px\u00bb link_letter_spacing=\u00bb3px\u00bb link_line_height=\u00bb1.8em\u00bb header_font=\u00bb||||||||\u00bb header_3_font=\u00bbPoppins|600|||||||\u00bb header_3_text_align=\u00bbcenter\u00bb header_3_font_size=\u00bb24px\u00bb header_3_line_height=\u00bb1.8em\u00bb background_color=\u00bb#022542&#8243; text_orientation=\u00bbcenter\u00bb background_layout=\u00bbdark\u00bb custom_margin=\u00bb|||\u00bb custom_padding=\u00bb40px|40px|40px|40px\u00bb animation_style=\u00bbfade\u00bb locked=\u00bboff\u00bb global_colors_info=\u00bb{}\u00bb]<\/p>\n<h3>El casco urbano<\/h3>\n<p>Pasear por Sabi\u00f1\u00e1n permite conocer su pasado, que sale al encuentro en los numerosos monumentos que atesora su casco urbano. Casas palacio, fuentes, ermitas y peirones se mezclan con la arquitectura tradicional, de clara ra\u00edz mud\u00e9jar.<\/p>\n<p>Sus estrechas calles se prestan al paseo sosegado y a la curiosidad, por lo que resulta conveniente detenerse a cada paso y observar los patios, las fachadas y conversar con sus habitantes. En algunas de las casas podr\u00e1 incluso adquirir directamente los productos al agricultor.<\/p>\n<p><a href=\"https:\/\/sabi\u00f1an.es\/patrimonio\/\"><span style=\"color: rgba(224, 153, 0, 0.7);\">SABER M\u00c1S<\/span><\/a><\/p>\n<p>&nbsp;<\/p>\n<p>[\/et_pb_text][\/et_pb_column][et_pb_column type=\u00bb1_3&#8243; _builder_version=\u00bb4.19.4&#8243; background_color=\u00bb#022542&#8243; custom_padding=\u00bb|||\u00bb global_colors_info=\u00bb{}\u00bb custom_padding__hover=\u00bb|||\u00bb][et_pb_image src=\u00bbhttps:\/\/craneopapaluna.com\/wp-content\/uploads\/2023\/01\/Sabinan-enebro_DSF7349Baja.jpg\u00bb title_text=\u00bbSabi\u00f1\u00e1n enebro_DSF7349Baja\u00bb force_fullwidth=\u00bbon\u00bb align_tablet=\u00bbcenter\u00bb align_phone=\u00bbcenter\u00bb align_last_edited=\u00bbon|desktop\u00bb _builder_version=\u00bb4.19.4&#8243; custom_margin=\u00bb||0px|\u00bb locked=\u00bboff\u00bb global_colors_info=\u00bb{}\u00bb][\/et_pb_image][et_pb_text admin_label=\u00bbTitle\u00bb _builder_version=\u00bb4.20.4&#8243; text_font=\u00bbPoppins||||||||\u00bb text_text_color=\u00bbrgba(255,255,255,0.7)\u00bb text_font_size=\u00bb18px\u00bb text_line_height=\u00bb1.8em\u00bb link_font=\u00bb|600||on|||||\u00bb link_text_color=\u00bb#fdb467&#8243; link_font_size=\u00bb16px\u00bb link_letter_spacing=\u00bb3px\u00bb link_line_height=\u00bb1.8em\u00bb header_font=\u00bb||||||||\u00bb header_3_font=\u00bbPoppins|600|||||||\u00bb header_3_text_align=\u00bbcenter\u00bb header_3_font_size=\u00bb24px\u00bb header_3_line_height=\u00bb1.8em\u00bb background_color=\u00bb#022542&#8243; text_orientation=\u00bbcenter\u00bb background_layout=\u00bbdark\u00bb custom_margin=\u00bb|||\u00bb custom_padding=\u00bb40px|40px|40px|40px\u00bb animation_style=\u00bbfade\u00bb hover_enabled=\u00bb0&#8243; locked=\u00bboff\u00bb global_colors_info=\u00bb{}\u00bb sticky_enabled=\u00bb0&#8243;]<\/p>\n<h3>Enebro de Valcardera<\/h3>\n<p>La estrecha uni\u00f3n entre hombre y naturaleza se pone de manifiesto en algunas acciones emprendidas por distintos colectivos para salvar \u00e1rboles. Es el caso del enebro de Sabi\u00f1\u00e1n, por el que siente un gran cari\u00f1o toda la poblaci\u00f3n y que se adquiri\u00f3 en 2004 por suscripci\u00f3n popular por iniciativa de la Asociaci\u00f3n <em>Sabinius Sabinianus<\/em>.<\/p>\n<p>El enebro de Sabi\u00f1\u00e1n est\u00e1 desde entonces bien protegido por los propios vecinos y hasta \u00e9l se realizan excursiones todos los a\u00f1os para disfrutar de su porte y de las impresionantes vistas desde su entorno.<\/p>\n<p>&nbsp;<\/p>\n<p><a href=\"https:\/\/sabi\u00f1an.es\/arboles-singulares\/\"><span style=\"color: rgba(224, 153, 0, 0.7);\">SABER M\u00c1S<\/span><\/a><\/p>\n<p>[\/et_pb_text][\/et_pb_column][\/et_pb_row][\/et_pb_section][et_pb_section fb_built=\u00bb1&#8243; admin_label=\u00bbWorkshops Area\u00bb _builder_version=\u00bb4.19.4&#8243; background_color=\u00bb#022542&#8243; custom_padding=\u00bb90px||90px|\u00bb global_colors_info=\u00bb{}\u00bb][et_pb_row _builder_version=\u00bb4.16&#8243; custom_margin=\u00bb|||\u00bb locked=\u00bboff\u00bb global_colors_info=\u00bb{}\u00bb][et_pb_column type=\u00bb4_4&#8243; _builder_version=\u00bb4.16&#8243; custom_padding=\u00bb|||\u00bb global_colors_info=\u00bb{}\u00bb custom_padding__hover=\u00bb|||\u00bb][et_pb_text admin_label=\u00bbTitle\u00bb _builder_version=\u00bb4.16&#8243; text_font=\u00bb||||||||\u00bb header_font=\u00bb||||||||\u00bb header_2_font=\u00bbPoppins|600|||||||\u00bb header_2_text_align=\u00bbcenter\u00bb header_2_font_size=\u00bb36px\u00bb custom_margin=\u00bb||0px|\u00bb animation_style=\u00bbfade\u00bb global_colors_info=\u00bb{}\u00bb]<\/p>\n<h2><span style=\"color: #ffffff;\">Comprar productos<\/span><\/h2>\n<p>[\/et_pb_text][et_pb_divider color=\u00bb#fdb467&#8243; divider_position=\u00bbcenter\u00bb divider_weight=\u00bb3px\u00bb _builder_version=\u00bb4.16&#8243; max_width=\u00bb50px\u00bb module_alignment=\u00bbcenter\u00bb animation_style=\u00bbslide\u00bb animation_direction=\u00bbtop\u00bb animation_intensity_slide=\u00bb10%\u00bb animation_starting_opacity=\u00bb100%\u00bb global_colors_info=\u00bb{}\u00bb][\/et_pb_divider][\/et_pb_column][\/et_pb_row][et_pb_row column_structure=\u00bb1_3,1_3,1_3&#8243; make_equal=\u00bbon\u00bb admin_label=\u00bbWorkshops\u00bb _builder_version=\u00bb4.16&#8243; max_width=\u00bb1440px\u00bb use_custom_width=\u00bbon\u00bb custom_width_px=\u00bb1440px\u00bb locked=\u00bboff\u00bb global_colors_info=\u00bb{}\u00bb][et_pb_column type=\u00bb1_3&#8243; _builder_version=\u00bb4.16&#8243; background_color=\u00bb#ffffff\u00bb custom_padding=\u00bb|||\u00bb global_colors_info=\u00bb{}\u00bb custom_padding__hover=\u00bb|||\u00bb][et_pb_image src=\u00bbhttps:\/\/craneopapaluna.com\/wp-content\/uploads\/2023\/01\/bread-2021-09-01-12-10-58-utc.jpeg\u00bb title_text=\u00bbBread\u00bb force_fullwidth=\u00bbon\u00bb align_tablet=\u00bbcenter\u00bb align_phone=\u00bbcenter\u00bb align_last_edited=\u00bbon|desktop\u00bb _builder_version=\u00bb4.19.4&#8243; custom_margin=\u00bb||0px|\u00bb global_colors_info=\u00bb{}\u00bb][\/et_pb_image][et_pb_text admin_label=\u00bbTitle\u00bb _builder_version=\u00bb4.16&#8243; text_font=\u00bbPoppins||||||||\u00bb text_font_size=\u00bb18px\u00bb text_line_height=\u00bb1.8em\u00bb link_font=\u00bb|600||on|||||\u00bb link_text_color=\u00bb#fdb467&#8243; link_font_size=\u00bb16px\u00bb link_letter_spacing=\u00bb3px\u00bb link_line_height=\u00bb1.8em\u00bb header_font=\u00bb||||||||\u00bb header_3_font=\u00bbPoppins|600|||||||\u00bb header_3_text_align=\u00bbcenter\u00bb header_3_font_size=\u00bb24px\u00bb header_3_line_height=\u00bb1.8em\u00bb background_color=\u00bb#ffffff\u00bb text_orientation=\u00bbcenter\u00bb custom_margin=\u00bb|||\u00bb custom_padding=\u00bb40px|40px|40px|40px\u00bb animation_style=\u00bbfade\u00bb locked=\u00bboff\u00bb global_colors_info=\u00bb{}\u00bb]<\/p>\n<h3>Panader\u00eda y reposter\u00eda<\/h3>\n<p>&nbsp;<\/p>\n<p>En la localidad a\u00fan es posible adquirir productos elaborados en horno tradicional.<\/p>\n<p>[\/et_pb_text][\/et_pb_column][et_pb_column type=\u00bb1_3&#8243; _builder_version=\u00bb4.16&#8243; background_color=\u00bb#ffffff\u00bb custom_padding=\u00bb|||\u00bb global_colors_info=\u00bb{}\u00bb custom_padding__hover=\u00bb|||\u00bb][et_pb_image src=\u00bbhttps:\/\/craneopapaluna.com\/wp-content\/uploads\/2023\/01\/Sabinan_MG_8262-Editar.jpeg\u00bb title_text=\u00bbSabi\u00f1\u00e1n_MG_8262-Editar\u00bb force_fullwidth=\u00bbon\u00bb align_tablet=\u00bbcenter\u00bb align_phone=\u00bbcenter\u00bb align_last_edited=\u00bbon|desktop\u00bb _builder_version=\u00bb4.19.4&#8243; custom_margin=\u00bb||0px|\u00bb global_colors_info=\u00bb{}\u00bb][\/et_pb_image][et_pb_text admin_label=\u00bbTitle\u00bb _builder_version=\u00bb4.16&#8243; text_font=\u00bbPoppins||||||||\u00bb text_font_size=\u00bb18px\u00bb text_line_height=\u00bb1.8em\u00bb link_font=\u00bb|600||on|||||\u00bb link_text_color=\u00bb#fdb467&#8243; link_font_size=\u00bb16px\u00bb link_letter_spacing=\u00bb3px\u00bb link_line_height=\u00bb1.8em\u00bb header_font=\u00bb||||||||\u00bb header_3_font=\u00bbPoppins|600|||||||\u00bb header_3_text_align=\u00bbcenter\u00bb header_3_font_size=\u00bb24px\u00bb header_3_line_height=\u00bb1.8em\u00bb background_color=\u00bb#ffffff\u00bb text_orientation=\u00bbcenter\u00bb custom_margin=\u00bb|||\u00bb custom_padding=\u00bb40px|40px|40px|40px\u00bb animation_style=\u00bbfade\u00bb locked=\u00bboff\u00bb global_colors_info=\u00bb{}\u00bb]<\/p>\n<h3>Frutas y olivas<\/h3>\n<p>&nbsp;<\/p>\n<p>Frutas de todas las clases y las famosas olivas de Sabi\u00f1\u00e1n le esperan en cualquier comercio.<\/p>\n<p>[\/et_pb_text][\/et_pb_column][et_pb_column type=\u00bb1_3&#8243; _builder_version=\u00bb4.16&#8243; background_color=\u00bb#ffffff\u00bb custom_padding=\u00bb|||\u00bb global_colors_info=\u00bb{}\u00bb custom_padding__hover=\u00bb|||\u00bb][et_pb_image src=\u00bbhttps:\/\/craneopapaluna.com\/wp-content\/uploads\/2023\/01\/charcoal-grilled-french-rack-of-lamb-ribs-chops-on-2022-06-22-14-58-48-utc.jpeg\u00bb title_text=\u00bbCharcoal Grilled French rack of Lamb Ribs Chops on cutting board. White background. Top view\u00bb force_fullwidth=\u00bbon\u00bb align_tablet=\u00bbcenter\u00bb align_phone=\u00bbcenter\u00bb align_last_edited=\u00bbon|desktop\u00bb _builder_version=\u00bb4.19.4&#8243; custom_margin=\u00bb||0px|\u00bb global_colors_info=\u00bb{}\u00bb][\/et_pb_image][et_pb_text admin_label=\u00bbTitle\u00bb _builder_version=\u00bb4.16&#8243; text_font=\u00bbPoppins||||||||\u00bb text_font_size=\u00bb18px\u00bb text_line_height=\u00bb1.8em\u00bb link_font=\u00bb|600||on|||||\u00bb link_text_color=\u00bb#fdb467&#8243; link_font_size=\u00bb16px\u00bb link_letter_spacing=\u00bb3px\u00bb link_line_height=\u00bb1.8em\u00bb header_font=\u00bb||||||||\u00bb header_3_font=\u00bbPoppins|600|||||||\u00bb header_3_text_align=\u00bbcenter\u00bb header_3_font_size=\u00bb24px\u00bb header_3_line_height=\u00bb1.8em\u00bb background_color=\u00bb#ffffff\u00bb text_orientation=\u00bbcenter\u00bb custom_margin=\u00bb|||\u00bb custom_padding=\u00bb40px|40px|40px|40px\u00bb animation_style=\u00bbfade\u00bb locked=\u00bboff\u00bb global_colors_info=\u00bb{}\u00bb]<\/p>\n<h3>Carnes de calidad<\/h3>\n<p>&nbsp;<\/p>\n<p>Carnicer\u00edas en las que se venden los mejores productos y en las que se elaboran los embutidos t\u00edpicos.<\/p>\n<p>[\/et_pb_text][\/et_pb_column][\/et_pb_row][\/et_pb_section]<\/p>\n","protected":false},"excerpt":{"rendered":"<p>Sabi\u00f1\u00e1nSabi\u00f1\u00e1n es\u00a0una localidad hermosa y pr\u00f3spera arropada por sierras que la rodean y famoso centro productivo de fruta, viveros y olivas negrales que tanta fama le han dado. Se trata de una villa hist\u00f3rica que a\u00fan puede presumir de un importante patrimonio monumental.Descubrir los atractivos de la villaLa localidad se asienta en la ribera del [&hellip;]<\/p>\n","protected":false},"author":1,"featured_media":0,"parent":0,"menu_order":0,"comment_status":"closed","ping_status":"closed","template":"","meta":{"_et_pb_use_builder":"on","_et_pb_old_content":"","_et_gb_content_width":"","footnotes":""},"class_list":["post-39","page","type-page","status-publish","hentry"],"_links":{"self":[{"href":"https:\/\/craneopapaluna.com\/index.php?rest_route=\/wp\/v2\/pages\/39","targetHints":{"allow":["GET"]}}],"collection":[{"href":"https:\/\/craneopapaluna.com\/index.php?rest_route=\/wp\/v2\/pages"}],"about":[{"href":"https:\/\/craneopapaluna.com\/index.php?rest_route=\/wp\/v2\/types\/page"}],"author":[{"embeddable":true,"href":"https:\/\/craneopapaluna.com\/index.php?rest_route=\/wp\/v2\/users\/1"}],"replies":[{"embeddable":true,"href":"https:\/\/craneopapaluna.com\/index.php?rest_route=%2Fwp%2Fv2%2Fcomments&post=39"}],"version-history":[{"count":11,"href":"https:\/\/craneopapaluna.com\/index.php?rest_route=\/wp\/v2\/pages\/39\/revisions"}],"predecessor-version":[{"id":323,"href":"https:\/\/craneopapaluna.com\/index.php?rest_route=\/wp\/v2\/pages\/39\/revisions\/323"}],"wp:attachment":[{"href":"https:\/\/craneopapaluna.com\/index.php?rest_route=%2Fwp%2Fv2%2Fmedia&parent=39"}],"curies":[{"name":"wp","href":"https:\/\/api.w.org\/{rel}","templated":true}]}}